{"id":35082,"date":"2025-09-24T21:38:26","date_gmt":"2025-09-25T01:38:26","guid":{"rendered":"https:\/\/www.andrehalle.com\/inventory\/produits-mecaniques-honda-em6500s2ct2-none-a-vendre-ins00050\/"},"modified":"2025-10-08T10:07:29","modified_gmt":"2025-10-08T14:07:29","slug":"produits-mecaniques-honda-em6500s2ct2-none-a-vendre-ins00050","status":"publish","type":"inventory","link":"https:\/\/www.andrehalle.com\/fr\/inventaire\/produits-mecaniques-honda-em6500s2ct2-none-a-vendre-ins00050\/","title":{"rendered":"Honda EM6500S2CT2"},"template":"","price-range":[3],"weight-range":[],"length-range":[],"acf":{"stock":"INS00050","make":"Honda","series":"","model":"EM6500S2CT2","submodel_trim":"","year":"","interior_color":"","exterior_color":"","normalized_interior_color":"","normalized_exterior_color":"","km":"","hours_used":"","miles":"","price":"3698.00","price_discount":"","price_lowest":"3698.00","price_us":"2641.43","description":"<p><strong>D&eacute;couvrez le Honda EM6500S2CT2<\/strong> chez <em>Andr&eacute; Hall&eacute; et Fils<\/em>, votre concessionnaire de confiance. Ce g&eacute;n&eacute;rateur puissant est id&eacute;al pour tous vos besoins &eacute;nerg&eacute;tiques, que ce soit pour le travail ou les loisirs.<\/p>\n<ul>\n<li><strong>Fiabilit&eacute; Honda<\/strong> : Connu pour sa durabilit&eacute; et sa performance.<\/li>\n<li><strong>Service client exceptionnel<\/strong> : Profitez de notre expertise et de notre service apr&egrave;s-vente.<\/li>\n<li><strong>Emplacement pratique<\/strong> : Situ&eacute; au 121, Boulevard Saint Beno&icirc;t E, Amqui.<\/li>\n<\/ul>\n<p>Appelez-nous&nbsp;pour plus d'informations ou pour planifier une visite. Ne manquez pas cette opportunit&eacute;!<\/p>","active_promotion":"","vin":"","category":"Produits m\u00e9caniques","category_type":"G\u00e9n\u00e9ratrices","door_qty":"","seat_qty":"","cylinder_qty":"","warranty_class":"","warranty_text":"","drivetrain":"","transmission":"","transmission_speed":"","fuel_type":"","horse_power":"","power_takeoff":"","cooling_system":"","engine_size":"","engine_capacity":"","front_wheel_size":"","rear_wheel_size":"","condition":"V\u00e9hicule neuf","images":[{"photo_url":"https:\/\/cdn.powergo.ca\/media\/inventory\/2025\/39\/53d7c7a14cd2427cbf57076a5f4f3d1c_1024x768_webp\/em6500s2ct2-0.webp","photo_valid":true},{"photo_url":"https:\/\/cdn.powergo.ca\/media\/inventory\/2025\/39\/2f10201c6b7946bab4a3280c302868d9_1024x768_webp\/em6500s2ct2-1.webp","photo_valid":true},{"photo_url":"https:\/\/cdn.powergo.ca\/media\/inventory\/2025\/39\/8462a024a201461784ffd6b4ddb29de5_1024x768_webp\/em6500s2ct2-2.webp","photo_valid":true},{"photo_url":"https:\/\/cdn.powergo.ca\/media\/inventory\/2025\/39\/a1f68393dcb54bceaa7b72858ec5c4f9_1024x768_webp\/em6500s2ct2-3.webp","photo_valid":true},{"photo_url":"https:\/\/cdn.powergo.ca\/media\/inventory\/2025\/39\/eed0e02515174181bf9df2fa96aec3e5_1024x768_webp\/em6500s2ct2-4.webp","photo_valid":true}],"options":"","weight":"","length":"","width":"","construction_material":"","payment_frequency":"","used_vehicle_days":"13","update_timestamp":"1759411064","url_slug":"honda-em6500s2ct2-None-a-vendre-ins00050","dealer_label":"Amqui","dealer_address":"121, Boulevard Saint Beno\u00eet E","dealer_city":"Amqui","dealer_province":"Qu\u00e9bec","dealer_country":"Canada","dealer_postal_code":"G5J 2C2","dealer_phone":"4186294111","is_sold":false,"video":"","jacob":"","front_axle":"","rear_axle":"","differential":"","ratio":"","suspension":"","frame":"","cab_axle":"","wheelbase":"","axle_spread":"","wheels":"","tires":"","brakes":"","used_vehicle_liquidation":false,"is_new_listing":false,"is_new_price":false,"is_demo":false,"used_vehicle_feature":false,"is_certified":false,"is_special_offer":false,"used_vehicle_incoming":false,"catalog_specs":[{"spec_group":"\u00c9lectricit\u00e9","spec_label":"Type de g\u00e9n\u00e9ratrice","spec_value":"\u00c0 balais"},{"spec_group":"\u00c9lectricit\u00e9","spec_label":"Puissance CA maximale (watts)","spec_value":"6 500"},{"spec_group":"\u00c9lectricit\u00e9","spec_label":"Tension CA disponible (volts)","spec_value":"120 \/ 240"},{"spec_group":"\u00c9lectricit\u00e9","spec_label":"Puissance CA continue maximale (watts)","spec_value":"5 500 7 000 (iAVR)"},{"spec_group":"\u00c9lectricit\u00e9","spec_label":"Intensit\u00e9 CA nominale max. \u00e0 120 \/ 240 V (A)","spec_value":"45,8 \/ 22,9 (58,3 \/ 29,2 pendant 10 sec iAVR)"},{"spec_group":"\u00c9lectricit\u00e9","spec_label":"Disjoncteur de fuite \u00e0 la terre (GFCI)","spec_value":"s.o."},{"spec_group":"\u00c9lectricit\u00e9","spec_label":"Fr\u00e9quence (hertz)","spec_value":"60"},{"spec_group":"\u00c9lectricit\u00e9","spec_label":"R\u00e8gulateur de tension automatique","spec_value":"iAVR de s\u00e9rie (r\u00e9gulateur de tension intelligent auto.)"},{"spec_group":"\u00c9lectricit\u00e9","spec_label":"Puissance CC, volts \/ amps.","spec_value":"12 \/ 8"},{"spec_group":"\u00c9lectricit\u00e9","spec_label":"Sp\u00e9cifications de la prise r\u00e9guli\u00e8re double","spec_value":"40 amp\u00e8res\/120 volts CA en continu disponibles comme total combin\u00e9 pour les deux prises CA r\u00e9guli\u00e8res. Maximum de 20 amp\u00e8res disponibles \u00e0 chaque prise \u00e0 GFCI"},{"spec_group":"\u00c9lectricit\u00e9","spec_label":"Sp\u00e9cifications de la prise CC","spec_value":"8 amps\/12 VCC disponibles \u00e0 ces prises +\/- \u00e0 vis. Remarque importante : Sur cette s\u00e9rie seulement, les prises CA et CC peuvent \u00eatre utilis\u00e9es simultan\u00e9ment. Le syst\u00e8me CC utilise un neutre (N) de type flottant."},{"spec_group":"\u00c9lectricit\u00e9","spec_label":"C\u00e2ble de charge CC","spec_value":"En option (N\/P 32650- 825-015)"},{"spec_group":"\u00c9lectricit\u00e9","spec_label":"Sp\u00e9cifications de la prise haute capacit\u00e9 120 \/ 240 volts CA \u00e0 verrou rotatif","spec_value":"30 amp\u00e8res \u00e0 120 VCA en continu disponibles \u00e0 cette prise (NEMA # L5-30R). 22,9 amp\u00e8res (5,5 kVA) \u00e0 240 volts CA en continu disponibles \u00e0 cette prise (NEMA # L14-30R)."},{"spec_group":"Moteur","spec_label":"Type de moteur","spec_value":"Honda iGX390T2, 4-temps, soupapes en t\u00eate, refroidi par air"},{"spec_group":"Moteur","spec_label":"Cylindr\u00e9e","spec_value":"389 cm3"},{"spec_group":"Moteur","spec_label":"Syst\u00e8me de d\u00e9marrage","spec_value":"\u00c9lectrique\/\u00c0 rappel"},{"spec_group":"Moteur","spec_label":"Syst\u00e8me d\u2019alerte de bas niveau d\u2019huile","spec_value":"De s\u00e9rie"},{"spec_group":"Moteur","spec_label":"Pilote automatique des gaz","spec_value":"De s\u00e9rie"},{"spec_group":"Moteur","spec_label":"Capacit\u00e9 de d\u00e9marrage \u00e0 distance","spec_value":"Optionnel"},{"spec_group":"Moteur","spec_label":"Capacit\u00e9 du r\u00e9servoir (litres)","spec_value":"23,5 L (5,17 gal Imp.)"},{"spec_group":"Dimensions et Informations additionnelles","spec_label":"Roues de transport","spec_value":"2 roues de s\u00e9rie"},{"spec_group":"Dimensions et Informations additionnelles","spec_label":"Crochet de levage","spec_value":"En option (N\/P 06810-Z22- A30ZA)"},{"spec_group":"Dimensions et Informations additionnelles","spec_label":"Batterie","spec_value":"De s\u00e9rie (N\/P 31500-MCR-J01)"},{"spec_group":"Dimensions et Informations additionnelles","spec_label":"Autonomie approximative par r\u00e9servoir plein (h)","spec_value":"6,9** \/ 10,4****"},{"spec_group":"Dimensions et Informations additionnelles","spec_label":"Consommation estim\u00e9e (litres\/heure)","spec_value":"3,40**"},{"spec_group":"Dimensions et Informations additionnelles","spec_label":"Niveau sonore dB(A) (1,5 m \u00e0 7 m)","spec_value":"73**"},{"spec_group":"Dimensions et Informations additionnelles","spec_label":"Longueur (sans poign\u00e9es ni roues)","spec_value":"681 mm (26,8 po)"},{"spec_group":"Dimensions et Informations additionnelles","spec_label":"Longueur (avec poign\u00e9es et roues)","spec_value":"1 051 mm (4,4 po)"},{"spec_group":"Dimensions et Informations additionnelles","spec_label":"Largeur (sans poign\u00e9es ni roues)","spec_value":"530 mm (20,9 po)"},{"spec_group":"Dimensions et Informations additionnelles","spec_label":"Largeur (avec poign\u00e9es et roues)","spec_value":"706 mm (27,8 po)"},{"spec_group":"Dimensions et Informations additionnelles","spec_label":"Hauteur (sans crochet de levage)","spec_value":"719 mm (28,3 po)"},{"spec_group":"Dimensions et Informations additionnelles","spec_label":"Hauteur (avec crochet de levage)","spec_value":"773 mm (30,4 po) crochet de levage en option"},{"spec_group":"Dimensions et Informations additionnelles","spec_label":"Poids \u00e0 sec","spec_value":"104,8 kg (231 lb)"},{"spec_group":"Dimensions et Informations additionnelles","spec_label":"Technologie - Cold Climate Technology","spec_value":"De s\u00e9rie"},{"spec_group":"Dimensions et Informations additionnelles","spec_label":"** \/ ***","spec_value":"H** \u00c0 la puissance nominale maximale (continue), en watts.**** \u00c0 50 % de la puissance nominale (continue) en watts."}],"custom_flags":"","vehicle_id":"b338ba22-7ad1-45ee-9b6d-faa669f85049","video_url_360":"","bunk_beds":"","hull_material":"","boat_engine_type":"","boat_engine_make":"","boat_engine_model":""},"_links":{"self":[{"href":"https:\/\/www.andrehalle.com\/fr\/wp-json\/wp\/v2\/inventory\/35082"}],"collection":[{"href":"https:\/\/www.andrehalle.com\/fr\/wp-json\/wp\/v2\/inventory"}],"about":[{"href":"https:\/\/www.andrehalle.com\/fr\/wp-json\/wp\/v2\/types\/inventory"}],"wp:attachment":[{"href":"https:\/\/www.andrehalle.com\/fr\/wp-json\/wp\/v2\/media?parent=35082"}],"wp:term":[{"taxonomy":"price-range","embeddable":true,"href":"https:\/\/www.andrehalle.com\/fr\/wp-json\/wp\/v2\/price-range?post=35082"},{"taxonomy":"weight-range","embeddable":true,"href":"https:\/\/www.andrehalle.com\/fr\/wp-json\/wp\/v2\/weight-range?post=35082"},{"taxonomy":"length-range","embeddable":true,"href":"https:\/\/www.andrehalle.com\/fr\/wp-json\/wp\/v2\/length-range?post=35082"}],"curies":[{"name":"wp","href":"https:\/\/api.w.org\/{rel}","templated":true}]}}