{"id":34703,"date":"2025-08-18T10:26:42","date_gmt":"2025-08-18T14:26:42","guid":{"rendered":"https:\/\/www.andrehalle.com\/side-by-side\/can-am-defender-6x6-limited-hd10-dusty-navy-2026\/"},"modified":"2026-04-28T17:00:58","modified_gmt":"2026-04-28T21:00:58","slug":"can-am-defender-6x6-limited-hd10-dusty-navy-2026","status":"publish","type":"side-by-side","link":"https:\/\/www.andrehalle.com\/fr\/cote-a-cote\/can-am-defender-6x6-limited-hd10-dusty-navy-2026\/","title":{"rendered":"Can-Am Defender 6&#215;6 Limited HD10 Dusty Navy 2026"},"featured_media":0,"template":"","price-range":[11],"acf":{"new_vehicle_instock_make":"Can-Am","new_vehicle_model":"Defender 6x6 Limited HD10 Dusty Navy","new_vehicle_year":"2026","new_vehicle_type":"Defender","new_vehicle_colours":"Dusty Navy","new_vehicle_description":"","new_vehicle_instock_images":[{"new_vehicle_image":"https:\/\/cdn.powergo.ca\/media\/catalog\/2025\/34\/5b2b49103eca47abaa35a6207c36d2eb_1024x768_webp\/can-am-defender-6x6-limited-hd10-dusty-navy-2026-0.webp"}],"new_vehicle_price":"42849.00","new_vehicle_price_discount":"","new_vehicle_price_fees_included":false,"new_vehicle_specs":[{"new_vehicle_spec_label":"Type","new_vehicle_spec_value":"82\u00a0ch\/69\u00a0lb-ft, Rotax\u00ae\u00a0976\u00a0cc, 2\u00a0cyl. en\u00a0V, refroidi par liquide","new_vehicle_spec_group":"Moteur"},{"new_vehicle_spec_label":"Transmission","new_vehicle_spec_value":"CVT\u00a0PRO-TORQ avec Quick Response System (QRS), ventilation \u00e0 haut d\u00e9bit et protection \u00e9lectronique de la courroie de transmissionSous-transmission avec hautes, et basses vitesses, point mort, marche arri\u00e8re et stationnement","new_vehicle_spec_group":"Moteur"},{"new_vehicle_spec_label":"Groupe motopropulseur","new_vehicle_spec_value":"S\u00e9lecteur de mode\u00a04\u00a0x\u00a04\/6x6, avec diff\u00e9rentiel avant \u00e0 verrouillage automatique QE","new_vehicle_spec_group":"Moteur"},{"new_vehicle_spec_label":"Assistance \u00e0 la conduite","new_vehicle_spec_value":"Frein moteur\u00a0CVTModes de conduite ECOMC \/ ECOMC d\u00e9sactiv\u00e9\/marcheLimiteur de vitesse","new_vehicle_spec_group":"Moteur"},{"new_vehicle_spec_label":"Suspension avant","new_vehicle_spec_value":"Bras triangulaire double arqu\u00e9\/d\u00e9battement de suspension de 27,9\u00a0cm (11\u00a0po)","new_vehicle_spec_group":"Suspensions"},{"new_vehicle_spec_label":"Amortisseurs avant","new_vehicle_spec_value":"Amortisseurs \u00e0 gaz bitube","new_vehicle_spec_group":"Suspensions"},{"new_vehicle_spec_label":"Suspension arri\u00e8re","new_vehicle_spec_value":"Suspension ind\u00e9pendante \u00e0 bras arqu\u00e9 (TTA) avec barre stabilisatrice ext\u00e9rieure\/d\u00e9battement de suspension de 27,9\u00a0cm (11\u00a0po)","new_vehicle_spec_group":"Suspensions"},{"new_vehicle_spec_label":"Amortisseurs arri\u00e8re","new_vehicle_spec_value":"Amortisseurs \u00e0 gaz bitube","new_vehicle_spec_group":"Suspensions"},{"new_vehicle_spec_label":"Pneus avant","new_vehicle_spec_value":"XPS Trail King\u00a027\u00a0x\u00a09\/11\u00a0x\u00a014\u00a0po","new_vehicle_spec_group":"Pneus\/Roues"},{"new_vehicle_spec_label":"Pneus arri\u00e8re","new_vehicle_spec_value":"XPS Trail King\u00a027\u00a0x\u00a09\/11\u00a0x\u00a014\u00a0po","new_vehicle_spec_group":"Pneus\/Roues"},{"new_vehicle_spec_label":"Roues","new_vehicle_spec_value":"Aluminium moul\u00e9 de 14\u00a0po","new_vehicle_spec_group":"Pneus\/Roues"},{"new_vehicle_spec_label":"Frein avant","new_vehicle_spec_value":"Deux disques de 220\u00a0mm avec \u00e9triers hydrauliques \u00e0 2\u00a0pistons","new_vehicle_spec_group":"Freins"},{"new_vehicle_spec_label":"Frein arri\u00e8re","new_vehicle_spec_value":"Deux disques de 220\u00a0mm avec \u00e9triers hydrauliques \u00e0 2\u00a0pistons","new_vehicle_spec_group":"Freins"},{"new_vehicle_spec_label":"LxLxH","new_vehicle_spec_value":"405,7\u00a0x\u00a0165,1\u00a0x\u00a0228,7\u00a0cm(159,7\u00a0x\u00a065\u00a0x\u00a081\u00a0po)","new_vehicle_spec_group":"Dimensions Capacit\u00e9s"},{"new_vehicle_spec_label":"Garde au sol","new_vehicle_spec_value":"35,6\u00a0cm (14\u00a0po)","new_vehicle_spec_group":"Dimensions Capacit\u00e9s"},{"new_vehicle_spec_label":"Type de jauge","new_vehicle_spec_value":"\u00c9cran num\u00e9rique large de 7,6\u00a0po avec clavier","new_vehicle_spec_group":"Jauge"},{"new_vehicle_spec_label":"Compteur","new_vehicle_spec_value":"\u00c9cran num\u00e9rique large de 7,6\u00a0po avec clavier","new_vehicle_spec_group":"Caract\u00e9ristiques"},{"new_vehicle_spec_label":"Freins","new_vehicle_spec_value":"Standard","new_vehicle_spec_group":"Caract\u00e9ristiques"},{"new_vehicle_spec_label":"Suspension","new_vehicle_spec_value":"Standard","new_vehicle_spec_group":"Caract\u00e9ristiques"},{"new_vehicle_spec_label":"Treuil","new_vehicle_spec_value":"Treuil de 2\u00a0041\u00a0kg (4\u00a0500\u00a0Ib) avec c\u00e2ble synth\u00e9tique","new_vehicle_spec_group":"Caract\u00e9ristiques"},{"new_vehicle_spec_label":"Protection","new_vehicle_spec_value":"Pare-chocs avant XT, Plaques de protection en plastique HMW haute r\u00e9sistance, Toit rigide int\u00e9gral avec doublure et plafonnier int\u00e9rieur, Portes de couleurs assorties avec vitres teint\u00e9es \u00e0 ouverture \u00e9lectrique et verrou, Pare-brise complet en verre inclinable \u00e0 3\u00a0positions avec ensemble d\u2019essuie-glace\/lave-glace, Vitre arri\u00e8re, R\u00e9troviseur panoramique","new_vehicle_spec_group":"Caract\u00e9ristiques"}],"new_vehicle_order":"2020480","new_vehicle_managed_instock":true,"new_vehicle_brochure_url":""},"_links":{"self":[{"href":"https:\/\/www.andrehalle.com\/fr\/wp-json\/wp\/v2\/side-by-side\/34703"}],"collection":[{"href":"https:\/\/www.andrehalle.com\/fr\/wp-json\/wp\/v2\/side-by-side"}],"about":[{"href":"https:\/\/www.andrehalle.com\/fr\/wp-json\/wp\/v2\/types\/side-by-side"}],"wp:attachment":[{"href":"https:\/\/www.andrehalle.com\/fr\/wp-json\/wp\/v2\/media?parent=34703"}],"wp:term":[{"taxonomy":"price-range","embeddable":true,"href":"https:\/\/www.andrehalle.com\/fr\/wp-json\/wp\/v2\/price-range?post=34703"}],"curies":[{"name":"wp","href":"https:\/\/api.w.org\/{rel}","templated":true}]}}